{"id":1105,"date":"2024-07-22T12:31:44","date_gmt":"2024-07-22T09:31:44","guid":{"rendered":"https:\/\/efrench.connectme.bg\/cours-de-francais-specialises\/"},"modified":"2024-11-27T15:16:38","modified_gmt":"2024-11-27T13:16:38","slug":"cours-pour-adultes-clients-professionnels","status":"publish","type":"page","link":"https:\/\/efrenchlesson.com\/fr\/cours-pour-adultes-clients-professionnels\/","title":{"rendered":"Cours pour adultes Clients professionnels"},"content":{"rendered":"\t\t<div data-elementor-type=\"wp-page\" data-elementor-id=\"1105\" class=\"elementor elementor-1105 elementor-221\" data-elementor-post-type=\"page\">\n\t\t\t\t\t\t<section class=\"elementor-section elementor-top-section elementor-element elementor-element-13b89337 elementor-section-boxed elementor-section-height-default elementor-section-height-default\" data-id=\"13b89337\" data-element_type=\"section\" data-settings=\"{&quot;background_background&quot;:&quot;classic&quot;}\">\n\t\t\t\t\t\t\t<div class=\"elementor-background-overlay\"><\/div>\n\t\t\t\t\t\t\t<div class=\"elementor-container elementor-column-gap-default\">\n\t\t\t\t\t<div class=\"elementor-column elementor-col-100 elementor-top-column elementor-element elementor-element-392bef4c\" data-id=\"392bef4c\" data-element_type=\"column\">\n\t\t\t<div class=\"elementor-widget-wrap elementor-element-populated\">\n\t\t\t\t\t\t<div class=\"elementor-element elementor-element-48450320 elementor-widget elementor-widget-heading\" data-id=\"48450320\" data-element_type=\"widget\" data-widget_type=\"heading.default\">\n\t\t\t\t<div class=\"elementor-widget-container\">\n\t\t\t<style>\/*! elementor - v3.23.0 - 05-08-2024 *\/\n.elementor-heading-title{padding:0;margin:0;line-height:1}.elementor-widget-heading .elementor-heading-title[class*=elementor-size-]>a{color:inherit;font-size:inherit;line-height:inherit}.elementor-widget-heading .elementor-heading-title.elementor-size-small{font-size:15px}.elementor-widget-heading .elementor-heading-title.elementor-size-medium{font-size:19px}.elementor-widget-heading .elementor-heading-title.elementor-size-large{font-size:29px}.elementor-widget-heading .elementor-heading-title.elementor-size-xl{font-size:39px}.elementor-widget-heading .elementor-heading-title.elementor-size-xxl{font-size:59px}<\/style><h1 class=\"elementor-heading-title elementor-size-default\">Cours pour adultes Clients professionnels<\/h1>\t\t<\/div>\n\t\t\t\t<\/div>\n\t\t\t\t\t<\/div>\n\t\t<\/div>\n\t\t\t\t\t<\/div>\n\t\t<\/section>\n\t\t\t\t<section class=\"elementor-section elementor-top-section elementor-element elementor-element-71b5319 elementor-section-boxed elementor-section-height-default elementor-section-height-default\" data-id=\"71b5319\" data-element_type=\"section\">\n\t\t\t\t\t\t<div class=\"elementor-container elementor-column-gap-default\">\n\t\t\t\t\t<div class=\"elementor-column elementor-col-100 elementor-top-column elementor-element elementor-element-3cf0e0a0\" data-id=\"3cf0e0a0\" data-element_type=\"column\">\n\t\t\t<div class=\"elementor-widget-wrap elementor-element-populated\">\n\t\t\t\t\t\t<div class=\"elementor-element elementor-element-2c19765b elementor-align-center elementor-widget elementor-widget-breadcrumbs\" data-id=\"2c19765b\" data-element_type=\"widget\" data-widget_type=\"breadcrumbs.default\">\n\t\t\t\t<div class=\"elementor-widget-container\">\n\t\t\t<link rel=\"stylesheet\" href=\"https:\/\/efrenchlesson.com\/wp-content\/plugins\/pro-elements\/assets\/css\/widget-theme-elements.min.css?ver=1723717330\"><p id=\"breadcrumbs\"><span><span><a href=\"https:\/\/efrenchlesson.com\/fr\/\">Accueil<\/a><\/span><\/span><\/p>\t\t<\/div>\n\t\t\t\t<\/div>\n\t\t\t\t\t<\/div>\n\t\t<\/div>\n\t\t\t\t\t<\/div>\n\t\t<\/section>\n\t\t\t\t<section class=\"elementor-section elementor-top-section elementor-element elementor-element-481fd0fb elementor-section-boxed elementor-section-height-default elementor-section-height-default\" data-id=\"481fd0fb\" data-element_type=\"section\" data-settings=\"{&quot;background_background&quot;:&quot;classic&quot;,&quot;shape_divider_top&quot;:&quot;curve&quot;,&quot;shape_divider_top_negative&quot;:&quot;yes&quot;,&quot;shape_divider_bottom&quot;:&quot;curve&quot;,&quot;shape_divider_bottom_negative&quot;:&quot;yes&quot;}\">\n\t\t\t\t\t<div class=\"elementor-shape elementor-shape-top\" data-negative=\"true\">\n\t\t\t<svg xmlns=\"http:\/\/www.w3.org\/2000\/svg\" viewBox=\"0 0 1000 100\" preserveAspectRatio=\"none\">\n\t<path class=\"elementor-shape-fill\" d=\"M500,97C126.7,96.3,0.8,19.8,0,0v100l1000,0V1C1000,19.4,873.3,97.8,500,97z\"\/>\n<\/svg>\t\t<\/div>\n\t\t\t\t<div class=\"elementor-shape elementor-shape-bottom\" data-negative=\"true\">\n\t\t\t<svg xmlns=\"http:\/\/www.w3.org\/2000\/svg\" viewBox=\"0 0 1000 100\" preserveAspectRatio=\"none\">\n\t<path class=\"elementor-shape-fill\" d=\"M500,97C126.7,96.3,0.8,19.8,0,0v100l1000,0V1C1000,19.4,873.3,97.8,500,97z\"\/>\n<\/svg>\t\t<\/div>\n\t\t\t\t\t<div class=\"elementor-container elementor-column-gap-default\">\n\t\t\t\t\t<div class=\"elementor-column elementor-col-100 elementor-top-column elementor-element elementor-element-49980107\" data-id=\"49980107\" data-element_type=\"column\">\n\t\t\t<div class=\"elementor-widget-wrap elementor-element-populated\">\n\t\t\t\t\t\t<div class=\"elementor-element elementor-element-4abc2d3b elementor-widget elementor-widget-heading\" data-id=\"4abc2d3b\" data-element_type=\"widget\" data-widget_type=\"heading.default\">\n\t\t\t\t<div class=\"elementor-widget-container\">\n\t\t\t<h2 class=\"elementor-heading-title elementor-size-default\">Cours en ligne de fran\u00e7ais g\u00e9n\u00e9ral et de fran\u00e7ais de sp\u00e9cialit\u00e9<\/h2>\t\t<\/div>\n\t\t\t\t<\/div>\n\t\t\t\t<section class=\"elementor-section elementor-inner-section elementor-element elementor-element-c72c6c9 elementor-section-boxed elementor-section-height-default elementor-section-height-default\" data-id=\"c72c6c9\" data-element_type=\"section\">\n\t\t\t\t\t\t<div class=\"elementor-container elementor-column-gap-default\">\n\t\t\t\t\t<div class=\"elementor-column elementor-col-50 elementor-inner-column elementor-element elementor-element-65ae537\" data-id=\"65ae537\" data-element_type=\"column\">\n\t\t\t<div class=\"elementor-widget-wrap elementor-element-populated\">\n\t\t\t\t\t\t<div class=\"elementor-element elementor-element-0b116db elementor-widget elementor-widget-image\" data-id=\"0b116db\" data-element_type=\"widget\" data-widget_type=\"image.default\">\n\t\t\t\t<div class=\"elementor-widget-container\">\n\t\t\t<style>\/*! elementor - v3.23.0 - 05-08-2024 *\/\n.elementor-widget-image{text-align:center}.elementor-widget-image a{display:inline-block}.elementor-widget-image a img[src$=\".svg\"]{width:48px}.elementor-widget-image img{vertical-align:middle;display:inline-block}<\/style>\t\t\t\t\t\t\t\t\t\t<img fetchpriority=\"high\" decoding=\"async\" width=\"862\" height=\"558\" src=\"https:\/\/efrenchlesson.com\/wp-content\/uploads\/2024\/07\/ad96a01d2d17ef8010eafa4ee755e74e.jpg\" class=\"attachment-full size-full wp-image-535\" alt=\"\" srcset=\"https:\/\/efrenchlesson.com\/wp-content\/uploads\/2024\/07\/ad96a01d2d17ef8010eafa4ee755e74e.jpg 862w, https:\/\/efrenchlesson.com\/wp-content\/uploads\/2024\/07\/ad96a01d2d17ef8010eafa4ee755e74e-300x194.jpg 300w, https:\/\/efrenchlesson.com\/wp-content\/uploads\/2024\/07\/ad96a01d2d17ef8010eafa4ee755e74e-768x497.jpg 768w\" sizes=\"(max-width: 862px) 100vw, 862px\" \/>\t\t\t\t\t\t\t\t\t\t\t\t\t<\/div>\n\t\t\t\t<\/div>\n\t\t\t\t\t<\/div>\n\t\t<\/div>\n\t\t\t\t<div class=\"elementor-column elementor-col-50 elementor-inner-column elementor-element elementor-element-f4d23a7\" data-id=\"f4d23a7\" data-element_type=\"column\">\n\t\t\t<div class=\"elementor-widget-wrap elementor-element-populated\">\n\t\t\t\t\t\t<div class=\"elementor-element elementor-element-736b3205 elementor-widget elementor-widget-text-editor\" data-id=\"736b3205\" data-element_type=\"widget\" data-widget_type=\"text-editor.default\">\n\t\t\t\t<div class=\"elementor-widget-container\">\n\t\t\t<style>\/*! elementor - v3.23.0 - 05-08-2024 *\/\n.elementor-widget-text-editor.elementor-drop-cap-view-stacked .elementor-drop-cap{background-color:#69727d;color:#fff}.elementor-widget-text-editor.elementor-drop-cap-view-framed .elementor-drop-cap{color:#69727d;border:3px solid;background-color:transparent}.elementor-widget-text-editor:not(.elementor-drop-cap-view-default) .elementor-drop-cap{margin-top:8px}.elementor-widget-text-editor:not(.elementor-drop-cap-view-default) .elementor-drop-cap-letter{width:1em;height:1em}.elementor-widget-text-editor .elementor-drop-cap{float:left;text-align:center;line-height:1;font-size:50px}.elementor-widget-text-editor .elementor-drop-cap-letter{display:inline-block}<\/style>\t\t\t\t<p><strong>Cours de fran\u00e7ais g\u00e9n\u00e9ral<\/strong><\/p><ul><li>Nos cours de fran\u00e7ais g\u00e9n\u00e9ral correspondent au Cadre Europ\u00e9en Commun de R\u00e9f\u00e9rence pour les langues aux niveaux A1.1 A1.2 A2.1 A2.2 B1.1 B1.2 B2.1 B2.2 C1.1 C1.2 C2.1 C2. 2. Les cours sont destin\u00e9s aux \u00e9tudiants et aux professionnels travaillant dans des entreprises internationales, mais ils conviennent \u00e0 toute personne souhaitant se familiariser avec le langage de l&#8217;art, de la culture et de la diplomatie.<\/li><li>Le prix d&#8217;une heure de cours pour A1.1 A1.2 A2.1 A2.2 B1.1 B1.2 B2.1 B2.2 est de 40 euros.<\/li><li>Le prix d&#8217;une heure de cours pour C1.1 C1.2 C2.1 C2.2 est de 45 euros.<\/li><\/ul>\t\t\t\t\t\t<\/div>\n\t\t\t\t<\/div>\n\t\t\t\t\t<\/div>\n\t\t<\/div>\n\t\t\t\t\t<\/div>\n\t\t<\/section>\n\t\t\t\t\t<\/div>\n\t\t<\/div>\n\t\t\t\t\t<\/div>\n\t\t<\/section>\n\t\t\t\t<section class=\"elementor-section elementor-top-section elementor-element elementor-element-7ea16365 elementor-section-boxed elementor-section-height-default elementor-section-height-default\" data-id=\"7ea16365\" data-element_type=\"section\">\n\t\t\t\t\t\t<div class=\"elementor-container elementor-column-gap-default\">\n\t\t\t\t\t<div class=\"elementor-column elementor-col-100 elementor-top-column elementor-element elementor-element-4a60ed80\" data-id=\"4a60ed80\" data-element_type=\"column\">\n\t\t\t<div class=\"elementor-widget-wrap elementor-element-populated\">\n\t\t\t\t\t\t<div class=\"elementor-element elementor-element-711392a2 elementor-widget__width-initial elementor-widget elementor-widget-text-editor\" data-id=\"711392a2\" data-element_type=\"widget\" data-widget_type=\"text-editor.default\">\n\t\t\t\t<div class=\"elementor-widget-container\">\n\t\t\t\t\t\t\t<p><strong><img decoding=\"async\" class=\"alignright wp-image-539\" src=\"https:\/\/efrenchlesson.com\/wp-content\/uploads\/2024\/07\/c0e802d3540856de11e436a5dba256e1.jpg\" alt=\"\" width=\"536\" height=\"357\" srcset=\"https:\/\/efrenchlesson.com\/wp-content\/uploads\/2024\/07\/c0e802d3540856de11e436a5dba256e1.jpg 1059w, https:\/\/efrenchlesson.com\/wp-content\/uploads\/2024\/07\/c0e802d3540856de11e436a5dba256e1-300x200.jpg 300w, https:\/\/efrenchlesson.com\/wp-content\/uploads\/2024\/07\/c0e802d3540856de11e436a5dba256e1-1024x683.jpg 1024w, https:\/\/efrenchlesson.com\/wp-content\/uploads\/2024\/07\/c0e802d3540856de11e436a5dba256e1-768x512.jpg 768w\" sizes=\"(max-width: 536px) 100vw, 536px\" \/><\/strong><\/p><p><strong>Pr\u00e9paration aux examens de certification DELF, DALF<\/strong><\/p><ul><li>L&#8217;obtention d&#8217;un certificat est l&#8217;aboutissement d&#8217;une formation. Lorsque vous \u00eates titulaire d&#8217;un certificat DELF ou DALF internationalement reconnu, de nouvelles opportunit\u00e9s d&#8217;engagement professionnel s&#8217;offrent \u00e0 vous. Les certificats sont structur\u00e9s autour du CECR (Cadre Europ\u00e9en Commun de R\u00e9f\u00e9rence pour les langues &#8211; https:\/\/rm.coe.int\/1680459f97) et repr\u00e9sentent une r\u00e9f\u00e9rence mondiale pour l&#8217;apprentissage des langues.<\/li><li><strong>Le DELF (Dipl\u00f4me d&#8217;Etudes en Langue Fran\u00e7aise)<\/strong> <strong>et le DALF (Dipl\u00f4me Approfondi de Langue Fran\u00e7aise)<\/strong> sont des dipl\u00f4mes de fran\u00e7ais langue \u00e9trang\u00e8re d\u00e9livr\u00e9s par le Minist\u00e8re fran\u00e7ais de l&#8217;Education. Ces certificats sont reconnus dans le monde entier et sont valables \u00e0 vie. Ils valident officiellement votre apprentissage du fran\u00e7ais et vous permettent d&#8217;\u00e9tudier, de travailler et d&#8217;immigrer dans les pays francophones. Les certificats DELF, DALF sont des dipl\u00f4mes prestigieux qui garantissent le maintien dans l&#8217;emploi, car ils attestent d&#8217;une brillante performance aux examens et de connaissances pour la vie.<\/li><\/ul><ul><li>Le <strong>DELF<\/strong> est un dipl\u00f4me officiel d\u00e9livr\u00e9 par le Minist\u00e8re fran\u00e7ais de l&#8217;\u00e9ducation nationale pour un niveau de connaissance ind\u00e9pendant. Il existe plusieurs types de certifications DELF : Le DELF &#8220;Prim&#8221; qui s&#8217;adresse aux \u00e9l\u00e8ves de l&#8217;\u00e9cole primaire (uniquement disponible au niveau pr\u00e9 A1, A1 et A2), le &#8220;DELF Junior et Scolaire&#8221; qui s&#8217;adresse aux \u00e9l\u00e8ves de l&#8217;\u00e9cole secondaire, le &#8220;DELF Tous Publics&#8221; qui s&#8217;adresse aux adultes et le &#8220;DELF Pro&#8221; qui s&#8217;adresse aux personnes qui ont besoin du fran\u00e7ais comme langue de travail.\u00a0 Nous pr\u00e9parons \u00e0 tous les niveaux de certification du DELF. Nous vous aiderons \u00e0 pr\u00e9parer au mieux cet examen de langue officielle.\u00a0 \u00a0<\/li><li>Le <strong>DALF <\/strong>est un dipl\u00f4me officiel d\u00e9livr\u00e9 par le Minist\u00e8re fran\u00e7ais de l&#8217;\u00e9ducation nationale qui atteste d&#8217;un niveau de connaissances suffisant. Le DALF consiste en deux dipl\u00f4mes ind\u00e9pendants correspondant aux niveaux avanc\u00e9s du Cadre europ\u00e9en commun de r\u00e9f\u00e9rence pour les langues : le DALF C1 et le DALF C2. L&#8217;utilisateur de la langue au niveau DALF C1 est autonome. Il est capable de communiquer facilement et spontan\u00e9ment. Il dispose d&#8217;un large r\u00e9pertoire lexical et peut choisir une expression appropri\u00e9e pour introduire ses commentaires. Il peut produire un discours clair et bien construit sans h\u00e9sitation, en faisant preuve d&#8217;une utilisation contr\u00f4l\u00e9e des structures. La ma\u00eetrise de la langue au niveau C2 du DALF se traduit par un degr\u00e9 de pr\u00e9cision, d&#8217;ad\u00e9quation et de fluidit\u00e9 dans l&#8217;expression. Le candidat au niveau C2 est capable d&#8217;effectuer des t\u00e2ches acad\u00e9miques ou avanc\u00e9es. Nous vous aiderons \u00e0 pr\u00e9parer au mieux les deux niveaux de certification DALF.<\/li><li>Le prix d&#8217;une heure de cours sur le DELF ou le DALF est de 47 euros.<\/li><li>Pour plus d&#8217;informations sur le <a href=\"https:\/\/www.france-education-international.fr\/diplome\/delf-tout-public\" target=\"_blank\" rel=\"noopener\">DELF<\/a><\/li><li>Pour plus d&#8217;informations sur le <a href=\"https:\/\/www.france-education-international.fr\/diplome\/dalf\" target=\"_blank\" rel=\"noopener\">DALF<\/a><\/li><\/ul>\t\t\t\t\t\t<\/div>\n\t\t\t\t<\/div>\n\t\t\t\t\t<\/div>\n\t\t<\/div>\n\t\t\t\t\t<\/div>\n\t\t<\/section>\n\t\t\t\t<section class=\"elementor-section elementor-top-section elementor-element elementor-element-301e39e0 elementor-section-boxed elementor-section-height-default elementor-section-height-default\" data-id=\"301e39e0\" data-element_type=\"section\">\n\t\t\t\t\t\t<div class=\"elementor-container elementor-column-gap-default\">\n\t\t\t\t\t<div class=\"elementor-column elementor-col-100 elementor-top-column elementor-element elementor-element-2b72c70c\" data-id=\"2b72c70c\" data-element_type=\"column\">\n\t\t\t<div class=\"elementor-widget-wrap elementor-element-populated\">\n\t\t\t\t\t\t<div class=\"elementor-element elementor-element-22b8817 elementor-widget elementor-widget-heading\" data-id=\"22b8817\" data-element_type=\"widget\" data-widget_type=\"heading.default\">\n\t\t\t\t<div class=\"elementor-widget-container\">\n\t\t\t<h2 class=\"elementor-heading-title elementor-size-default\">Nos cours professionnels de sp\u00e9cialit\u00e9 vous pr\u00e9parent \u00e0 l'obtention d'un dipl\u00f4me de fran\u00e7ais professionnel<\/h2>\t\t<\/div>\n\t\t\t\t<\/div>\n\t\t\t\t<div class=\"elementor-element elementor-element-5e7ca87 elementor-widget elementor-widget-text-editor\" data-id=\"5e7ca87\" data-element_type=\"widget\" data-widget_type=\"text-editor.default\">\n\t\t\t\t<div class=\"elementor-widget-container\">\n\t\t\t\t\t\t\t<strong><img decoding=\"async\" class=\"alignleft size-full wp-image-546\" src=\"https:\/\/efrenchlesson.com\/wp-content\/uploads\/2024\/07\/18da42b23264d3a977dafa31ec5bd056.png\" alt=\"\" width=\"75\" height=\"75\" \/>Dipl\u00f4mes de fran\u00e7ais professionnel<\/strong>\n<ul>\n \t<li>Les Dipl\u00f4mes de Fran\u00e7ais Professionnel sont des certifications d\u00e9livr\u00e9es par la Chambre de Commerce et d&#8217;Industrie de Paris Ile-de-France, qui attestent des comp\u00e9tences de communication \u00e9crite et orale en fran\u00e7ais dans les principaux domaines du monde professionnel : affaires, droit, sant\u00e9, diplomatie, tourisme et h\u00f4tellerie, sciences et technologies, mode et stylisme.<\/li>\n \t<li>Ces dipl\u00f4mes sont index\u00e9s \u00e0 diff\u00e9rents niveaux selon le Cadre Europ\u00e9en Commun de R\u00e9f\u00e9rence pour les langues du Conseil de l&#8217;Europe (CECR). Les dipl\u00f4mes de fran\u00e7ais professionnel sont con\u00e7us pour refl\u00e9ter la r\u00e9alit\u00e9 de votre secteur d&#8217;activit\u00e9.<\/li>\n \t<li>Les examens des dipl\u00f4mes professionnels sont bas\u00e9s sur les activit\u00e9s actuelles de votre domaine professionnel. La pr\u00e9paration \u00e0 ces dipl\u00f4mes vous permet d&#8217;acqu\u00e9rir les comp\u00e9tences attendues par vos futurs employeurs. Dans le monde des affaires, la capacit\u00e9 \u00e0 comprendre et \u00e0 se faire comprendre de ses partenaires internationaux est un \u00e9l\u00e9ment cl\u00e9 de la r\u00e9ussite.<\/li>\n \t<li>Ils vous permettent d&#8217;identifier les comp\u00e9tences linguistiques en fran\u00e7ais dont vous avez besoin pour vous adapter aux r\u00e9alit\u00e9s du monde de l&#8217;entreprise et d\u00e9velopper une activit\u00e9 dans un environnement francophone. Les Dipl\u00f4mes de fran\u00e7ais professionnel apportent une r\u00e9ponse concr\u00e8te aux attentes de vos employeurs ou futurs employeurs.<\/li>\n \t<li>Nous proposons une large gamme de cours de fran\u00e7ais professionnel avec des profils vari\u00e9s qui peuvent \u00eatre b\u00e9n\u00e9fiques pour vos activit\u00e9s professionnelles. Que vous passiez l&#8217;examen du dipl\u00f4me professionnel ou non, nos cours vous seront utiles dans votre vie professionnelle. Ces cours conviennent parfaitement aux \u00e9tudiants qui souhaitent obtenir un Master en droit, relations internationales, m\u00e9decine ou litt\u00e9rature, histoire de l&#8217;art, mode et stylisme ou tourisme et h\u00f4tellerie en France ou dans un pays francophone. Si vous \u00eates d\u00e9j\u00e0 \u00e9tudiant, ils vous pr\u00e9pareront \u00e0 votre future carri\u00e8re.<\/li>\n<\/ul>\n<strong>\u00a0<\/strong>\n<ul>\n \t<li>Dans le cadre de nos classes de sp\u00e9cialit\u00e9, nous proposons \u00e9galement des cours pour les \u00e9l\u00e8ves pr\u00e9parant l&#8217;examen du Bac de fran\u00e7ais ou du Baccalaur\u00e9at international.<\/li>\n \t<li>Le prix d&#8217;un cours de 45 minutes en fran\u00e7ais de sp\u00e9cialit\u00e9 est de 50 euros.<\/li>\n<\/ul>\n<strong>\u00a0<\/strong>\t\t\t\t\t\t<\/div>\n\t\t\t\t<\/div>\n\t\t\t\t\t<\/div>\n\t\t<\/div>\n\t\t\t\t\t<\/div>\n\t\t<\/section>\n\t\t\t\t<section class=\"elementor-section elementor-top-section elementor-element elementor-element-10b9033 elementor-section-boxed elementor-section-height-default elementor-section-height-default\" data-id=\"10b9033\" data-element_type=\"section\">\n\t\t\t\t\t\t<div class=\"elementor-container elementor-column-gap-default\">\n\t\t\t\t\t<div class=\"elementor-column elementor-col-50 elementor-top-column elementor-element elementor-element-2bb9440\" data-id=\"2bb9440\" data-element_type=\"column\">\n\t\t\t<div class=\"elementor-widget-wrap elementor-element-populated\">\n\t\t\t\t\t\t<div class=\"elementor-element elementor-element-2c414b6 elementor-widget elementor-widget-image\" data-id=\"2c414b6\" data-element_type=\"widget\" data-widget_type=\"image.default\">\n\t\t\t\t<div class=\"elementor-widget-container\">\n\t\t\t\t\t\t\t\t\t\t\t\t\t<img loading=\"lazy\" decoding=\"async\" width=\"339\" height=\"227\" src=\"https:\/\/efrenchlesson.com\/wp-content\/uploads\/2024\/07\/fb5fde81ea350b94ce54a306b01ee2a2.png\" class=\"attachment-full size-full wp-image-550\" alt=\"\" srcset=\"https:\/\/efrenchlesson.com\/wp-content\/uploads\/2024\/07\/fb5fde81ea350b94ce54a306b01ee2a2.png 339w, https:\/\/efrenchlesson.com\/wp-content\/uploads\/2024\/07\/fb5fde81ea350b94ce54a306b01ee2a2-300x201.png 300w\" sizes=\"(max-width: 339px) 100vw, 339px\" \/>\t\t\t\t\t\t\t\t\t\t\t\t\t<\/div>\n\t\t\t\t<\/div>\n\t\t\t\t\t<\/div>\n\t\t<\/div>\n\t\t\t\t<div class=\"elementor-column elementor-col-50 elementor-top-column elementor-element elementor-element-c99af5c\" data-id=\"c99af5c\" data-element_type=\"column\">\n\t\t\t<div class=\"elementor-widget-wrap elementor-element-populated\">\n\t\t\t\t\t\t<div class=\"elementor-element elementor-element-b8508b6 elementor-widget elementor-widget-text-editor\" data-id=\"b8508b6\" data-element_type=\"widget\" data-widget_type=\"text-editor.default\">\n\t\t\t\t<div class=\"elementor-widget-container\">\n\t\t\t\t\t\t\t<div id=\"legal\"><p><strong>Fran\u00e7ais juridique <\/strong><\/p><\/div><ul><li>Ce cours s&#8217;adresse aux juristes internationaux et aux \u00e9tudiants en droit.<\/li><li>Le cours est une introduction au lexique juridique ainsi qu&#8217;\u00e0 la connaissance des domaines et des sources du droit et de la justice en France. Il permet aux \u00e9tudiants de pratiquer le fran\u00e7ais \u00e9crit et oral dans un contexte sp\u00e9cifique.<\/li><li>De nombreuses structures grammaticales li\u00e9es \u00e0 la terminologie sp\u00e9cifique sont introduites.<\/li><li>Le cours vous pr\u00e9parera \u00e0 obtenir avec succ\u00e8s un Dipl\u00f4me de fran\u00e7ais professionnel &#8220;Juridique B2&#8221;. Ce dernier est destin\u00e9 aux \u00e9tudiants, stagiaires et professionnels qui travaillent ou sont appel\u00e9s \u00e0 travailler avec des juristes francophones et\/ou sur des documents juridiques r\u00e9dig\u00e9s en fran\u00e7ais.<\/li><li>Nous vous fournirons un large \u00e9ventail de bibliographies, essentielles et utiles pour aller plus loin dans ce domaine particulier.<\/li><li>Nous avons form\u00e9 des avocats fiscalistes dans le domaine de la gestion d&#8217;actifs.<\/li><li>\u00a0<\/li><\/ul>\t\t\t\t\t\t<\/div>\n\t\t\t\t<\/div>\n\t\t\t\t\t<\/div>\n\t\t<\/div>\n\t\t\t\t\t<\/div>\n\t\t<\/section>\n\t\t\t\t<section class=\"elementor-section elementor-top-section elementor-element elementor-element-2b15604 elementor-section-boxed elementor-section-height-default elementor-section-height-default\" data-id=\"2b15604\" data-element_type=\"section\">\n\t\t\t\t\t\t<div class=\"elementor-container elementor-column-gap-default\">\n\t\t\t\t\t<div class=\"elementor-column elementor-col-50 elementor-top-column elementor-element elementor-element-668b0a5\" data-id=\"668b0a5\" data-element_type=\"column\">\n\t\t\t<div class=\"elementor-widget-wrap elementor-element-populated\">\n\t\t\t\t\t\t<div class=\"elementor-element elementor-element-677f685 elementor-widget elementor-widget-image\" data-id=\"677f685\" data-element_type=\"widget\" data-widget_type=\"image.default\">\n\t\t\t\t<div class=\"elementor-widget-container\">\n\t\t\t\t\t\t\t\t\t\t\t\t\t<img loading=\"lazy\" decoding=\"async\" width=\"297\" height=\"185\" src=\"https:\/\/efrenchlesson.com\/wp-content\/uploads\/2024\/07\/b8782ab1454b8269442a008e16cc018e.png\" class=\"attachment-full size-full wp-image-551\" alt=\"\" \/>\t\t\t\t\t\t\t\t\t\t\t\t\t<\/div>\n\t\t\t\t<\/div>\n\t\t\t\t\t<\/div>\n\t\t<\/div>\n\t\t\t\t<div class=\"elementor-column elementor-col-50 elementor-top-column elementor-element elementor-element-7cb2b2f\" data-id=\"7cb2b2f\" data-element_type=\"column\">\n\t\t\t<div class=\"elementor-widget-wrap elementor-element-populated\">\n\t\t\t\t\t\t<div class=\"elementor-element elementor-element-085de02 elementor-widget elementor-widget-text-editor\" data-id=\"085de02\" data-element_type=\"widget\" data-widget_type=\"text-editor.default\">\n\t\t\t\t<div class=\"elementor-widget-container\">\n\t\t\t\t\t\t\t<div id=\"legal\"><div id=\"diplomats\"><p><strong>Fran\u00e7ais pour les diplomates<\/strong><\/p><\/div><ul><li>Ce cours vous permettra d&#8217;acqu\u00e9rir des connaissances g\u00e9n\u00e9rales dans le domaine des relations europ\u00e9ennes et internationales, d&#8217;aborder sous diff\u00e9rents angles la place et les enjeux de la France dans les relations internationales et vous permettra de vous familiariser avec un vocabulaire sp\u00e9cialis\u00e9.<\/li><li>Nous vous formerons \u00e0 la mise en \u0153uvre de strat\u00e9gies de communication dans une perspective interculturelle : entra\u00eenement intensif \u00e0 l&#8217;\u00e9change de points de vue, \u00e0 la d\u00e9fense des int\u00e9r\u00eats et \u00e0 la recherche de compromis.<\/li><li>Nous travaillerons \u00e0 l&#8217;acquisition de comp\u00e9tences telles que l&#8217;expression d&#8217;une pens\u00e9e construite lors de la r\u00e9daction d&#8217;un dossier et de sa pr\u00e9sentation orale.<\/li><li>L&#8217;objectif est d&#8217;apprendre \u00e0 comprendre et \u00e0 parler dans un langage tr\u00e8s formel.<\/li><li>L&#8217;Union europ\u00e9enne est discut\u00e9e lors des sessions de formation.<\/li><li>Le fonctionnement de l&#8217;Union europ\u00e9enne est discut\u00e9 lors des sessions de formation.<\/li><li>Nous avons form\u00e9 des \u00e9tudiants d\u2019universit\u00e9s qui ont r\u00e9ussi leurs \u00e9tudes en Master de Sciences Po.<\/li><li>\u00a0<\/li><\/ul><\/div>\t\t\t\t\t\t<\/div>\n\t\t\t\t<\/div>\n\t\t\t\t\t<\/div>\n\t\t<\/div>\n\t\t\t\t\t<\/div>\n\t\t<\/section>\n\t\t\t\t<section class=\"elementor-section elementor-top-section elementor-element elementor-element-e4b4ea6 elementor-section-boxed elementor-section-height-default elementor-section-height-default\" data-id=\"e4b4ea6\" data-element_type=\"section\">\n\t\t\t\t\t\t<div class=\"elementor-container elementor-column-gap-default\">\n\t\t\t\t\t<div class=\"elementor-column elementor-col-50 elementor-top-column elementor-element elementor-element-03bad1a\" data-id=\"03bad1a\" data-element_type=\"column\">\n\t\t\t<div class=\"elementor-widget-wrap elementor-element-populated\">\n\t\t\t\t\t\t<div class=\"elementor-element elementor-element-50ef616 elementor-widget elementor-widget-image\" data-id=\"50ef616\" data-element_type=\"widget\" data-widget_type=\"image.default\">\n\t\t\t\t<div class=\"elementor-widget-container\">\n\t\t\t\t\t\t\t\t\t\t\t\t\t<img loading=\"lazy\" decoding=\"async\" width=\"258\" height=\"181\" src=\"https:\/\/efrenchlesson.com\/wp-content\/uploads\/2024\/07\/129ec4c1d04e7699f7ba0ae8071706a1.png\" class=\"attachment-full size-full wp-image-552\" alt=\"\" \/>\t\t\t\t\t\t\t\t\t\t\t\t\t<\/div>\n\t\t\t\t<\/div>\n\t\t\t\t\t<\/div>\n\t\t<\/div>\n\t\t\t\t<div class=\"elementor-column elementor-col-50 elementor-top-column elementor-element elementor-element-e5848d6\" data-id=\"e5848d6\" data-element_type=\"column\">\n\t\t\t<div class=\"elementor-widget-wrap elementor-element-populated\">\n\t\t\t\t\t\t<div class=\"elementor-element elementor-element-640d79a elementor-widget elementor-widget-text-editor\" data-id=\"640d79a\" data-element_type=\"widget\" data-widget_type=\"text-editor.default\">\n\t\t\t\t<div class=\"elementor-widget-container\">\n\t\t\t\t\t\t\t<div id=\"medical\"><p><strong>Fran\u00e7ais m\u00e9dical<\/strong><\/p><ul><li>Le cours s&#8217;adresse aux \u00e9tudiants en m\u00e9decine, aux m\u00e9decins et aux infirmi\u00e8res qui exerceront en France, travailleront dans un h\u00f4pital ou dans une entreprise pharmaceutique.<\/li><li>Les th\u00e8mes d\u00e9velopp\u00e9s concernent les m\u00e9dicaments, les examens m\u00e9dicaux, l&#8217;hospitalisation, les patients, l&#8217;h\u00f4pital, les maladies, etc.<\/li><li>Notre formation est utile car elle est interactive, ce qui am\u00e9liore la compr\u00e9hension des activit\u00e9s.<\/li><li>La formation est bas\u00e9e sur des vid\u00e9os et des documents authentiques, des fichiers audio et des photos.<\/li><\/ul><\/div>\t\t\t\t\t\t<\/div>\n\t\t\t\t<\/div>\n\t\t\t\t\t<\/div>\n\t\t<\/div>\n\t\t\t\t\t<\/div>\n\t\t<\/section>\n\t\t\t\t<section class=\"elementor-section elementor-top-section elementor-element elementor-element-6ec101e elementor-section-boxed elementor-section-height-default elementor-section-height-default\" data-id=\"6ec101e\" data-element_type=\"section\">\n\t\t\t\t\t\t<div class=\"elementor-container elementor-column-gap-default\">\n\t\t\t\t\t<div class=\"elementor-column elementor-col-50 elementor-top-column elementor-element elementor-element-106d68c\" data-id=\"106d68c\" data-element_type=\"column\">\n\t\t\t<div class=\"elementor-widget-wrap elementor-element-populated\">\n\t\t\t\t\t\t<div class=\"elementor-element elementor-element-199d24c elementor-widget elementor-widget-image\" data-id=\"199d24c\" data-element_type=\"widget\" data-widget_type=\"image.default\">\n\t\t\t\t<div class=\"elementor-widget-container\">\n\t\t\t\t\t\t\t\t\t\t\t\t\t<img loading=\"lazy\" decoding=\"async\" width=\"175\" height=\"245\" src=\"https:\/\/efrenchlesson.com\/wp-content\/uploads\/2024\/07\/956c80a4875cf9548b9128521d6e6924.png\" class=\"attachment-full size-full wp-image-556\" alt=\"\" \/>\t\t\t\t\t\t\t\t\t\t\t\t\t<\/div>\n\t\t\t\t<\/div>\n\t\t\t\t\t<\/div>\n\t\t<\/div>\n\t\t\t\t<div class=\"elementor-column elementor-col-50 elementor-top-column elementor-element elementor-element-9ed9612\" data-id=\"9ed9612\" data-element_type=\"column\">\n\t\t\t<div class=\"elementor-widget-wrap elementor-element-populated\">\n\t\t\t\t\t\t<div class=\"elementor-element elementor-element-a07c284 elementor-widget elementor-widget-text-editor\" data-id=\"a07c284\" data-element_type=\"widget\" data-widget_type=\"text-editor.default\">\n\t\t\t\t<div class=\"elementor-widget-container\">\n\t\t\t\t\t\t\t<div id=\"history\"><p><strong>Histoire de la litt\u00e9rature fran\u00e7aise<\/strong><\/p><ul><li>Le cours propose une introduction \u00e0 la litt\u00e9rature fran\u00e7aise et plus particuli\u00e8rement \u00e0 la p\u00e9riode allant du Moyen-\u00c2ge au XVIIIe si\u00e8cle, plac\u00e9e dans un contexte historique et culturel large.<\/li><li>L&#8217;objectif est d&#8217;initier les \u00e9tudiants \u00e0 une vari\u00e9t\u00e9 d&#8217;\u0153uvres litt\u00e9raires du Moyen \u00c2ge et de la Renaissance. Une diversit\u00e9 de genres, de styles et de traditions litt\u00e9raires sera explor\u00e9e.<\/li><li>La chevalerie et la figure du chevalier dans les romans de Chr\u00e9tien de Troyes comme <em>Lancelot, \u00c9rec et \u00c9nide<\/em>.<\/li><li>Le<em> Roman de la Rose<\/em> par Guillaume de Lorris<\/li><li>La po\u00e9sie de Marie de France et de Ronsard.<\/li><li>Le nouveau genre de l&#8217;essai introduit par Montaigne<\/li><li>Les Pi\u00e8ces de Moli\u00e8re et de Racine \u00e0 l&#8217;\u00e9poque classique.<\/li><li>Les \u00e9tudiants acquerront des connaissances et une compr\u00e9hension approfondie des genres, auteurs et textes cl\u00e9s de la p\u00e9riode concern\u00e9e. L&#8217;\u00e9criture cr\u00e9ative est \u00e9tudi\u00e9e en relation formelle avec les textes \u00e9tudi\u00e9s.<\/li><li>Les \u00e9tudiants apprendront \u00e0 analyser les textes d&#8217;un point de vue s\u00e9miotique en relation avec les arts. Le concept de &#8220;ph\u00e9nom\u00e8ne interartistique&#8221; sera introduit.<\/li><\/ul><\/div>\t\t\t\t\t\t<\/div>\n\t\t\t\t<\/div>\n\t\t\t\t\t<\/div>\n\t\t<\/div>\n\t\t\t\t\t<\/div>\n\t\t<\/section>\n\t\t\t\t<section class=\"elementor-section elementor-top-section elementor-element elementor-element-a6a35c6 elementor-section-boxed elementor-section-height-default elementor-section-height-default\" data-id=\"a6a35c6\" data-element_type=\"section\">\n\t\t\t\t\t\t<div class=\"elementor-container elementor-column-gap-default\">\n\t\t\t\t\t<div class=\"elementor-column elementor-col-50 elementor-top-column elementor-element elementor-element-37c8923\" data-id=\"37c8923\" data-element_type=\"column\">\n\t\t\t<div class=\"elementor-widget-wrap elementor-element-populated\">\n\t\t\t\t\t\t<div class=\"elementor-element elementor-element-1dc7831 elementor-widget elementor-widget-image\" data-id=\"1dc7831\" data-element_type=\"widget\" data-widget_type=\"image.default\">\n\t\t\t\t<div class=\"elementor-widget-container\">\n\t\t\t\t\t\t\t\t\t\t\t\t\t<img loading=\"lazy\" decoding=\"async\" width=\"327\" height=\"220\" src=\"https:\/\/efrenchlesson.com\/wp-content\/uploads\/2024\/07\/1dfc9f14dbb5965fd4bfa9f98621fe81.png\" class=\"attachment-full size-full wp-image-560\" alt=\"\" srcset=\"https:\/\/efrenchlesson.com\/wp-content\/uploads\/2024\/07\/1dfc9f14dbb5965fd4bfa9f98621fe81.png 327w, https:\/\/efrenchlesson.com\/wp-content\/uploads\/2024\/07\/1dfc9f14dbb5965fd4bfa9f98621fe81-300x202.png 300w\" sizes=\"(max-width: 327px) 100vw, 327px\" \/>\t\t\t\t\t\t\t\t\t\t\t\t\t<\/div>\n\t\t\t\t<\/div>\n\t\t\t\t\t<\/div>\n\t\t<\/div>\n\t\t\t\t<div class=\"elementor-column elementor-col-50 elementor-top-column elementor-element elementor-element-d2b99bf\" data-id=\"d2b99bf\" data-element_type=\"column\">\n\t\t\t<div class=\"elementor-widget-wrap elementor-element-populated\">\n\t\t\t\t\t\t<div class=\"elementor-element elementor-element-a6f08ed elementor-widget elementor-widget-text-editor\" data-id=\"a6f08ed\" data-element_type=\"widget\" data-widget_type=\"text-editor.default\">\n\t\t\t\t<div class=\"elementor-widget-container\">\n\t\t\t\t\t\t\t<p><strong>Histoire de l&#8217;art de la France- V\u00e8me-XVII\u00e8me si\u00e8cle<\/strong><\/p><ul><li>D\u00e9couvrez Paris, ville d&#8217;art et de culture. Vous serez enchant\u00e9s par les tr\u00e9sors de l&#8217;\u00cele Saint-Louis et du Louvre &#8211; autrefois le ch\u00e2teau m\u00e9di\u00e9val de Philippe Auguste, aujourd&#8217;hui l&#8217;un des plus grands palais et mus\u00e9es du monde.<\/li><li>La premi\u00e8re partie de ce cours porte sur l&#8217;art roman. De nombreuses \u00e9glises colossales de cette p\u00e9riode, comme l&#8217;\u00e9glise de la Madeleine \u00e0 V\u00e9zelay et l\u2019abbaye de Saint-Pierre de Moissac, sont pr\u00e9sent\u00e9es.<\/li><li>La France est le pays des \u00e9glises gothiques. Nous vous pr\u00e9senterons la basilique de Saint-Denis et les c\u00e9l\u00e8bres cath\u00e9drales gothiques du Moyen \u00c2ge comme Saint-Germain-des-Pr\u00e9s et Notre-Dame de Paris.<\/li><li>La Renaissance est le mouvement culturel et artistique qui s&#8217;est d\u00e9velopp\u00e9 en France entre le XVe et le d\u00e9but du XVIIe si\u00e8cle. Les ch\u00e2teaux de la vall\u00e9e de la Loire constituent l&#8217;une des r\u00e9alisations les plus embl\u00e9matiques de la Renaissance fran\u00e7aise.<\/li><\/ul><p>\u00a0<\/p>\t\t\t\t\t\t<\/div>\n\t\t\t\t<\/div>\n\t\t\t\t\t<\/div>\n\t\t<\/div>\n\t\t\t\t\t<\/div>\n\t\t<\/section>\n\t\t\t\t<section class=\"elementor-section elementor-top-section elementor-element elementor-element-74a94b3 elementor-section-boxed elementor-section-height-default elementor-section-height-default\" data-id=\"74a94b3\" data-element_type=\"section\">\n\t\t\t\t\t\t<div class=\"elementor-container elementor-column-gap-default\">\n\t\t\t\t\t<div class=\"elementor-column elementor-col-50 elementor-top-column elementor-element elementor-element-0985854\" data-id=\"0985854\" data-element_type=\"column\">\n\t\t\t<div class=\"elementor-widget-wrap elementor-element-populated\">\n\t\t\t\t\t\t<div class=\"elementor-element elementor-element-403d567 elementor-widget elementor-widget-image\" data-id=\"403d567\" data-element_type=\"widget\" data-widget_type=\"image.default\">\n\t\t\t\t<div class=\"elementor-widget-container\">\n\t\t\t\t\t\t\t\t\t\t\t\t\t<img loading=\"lazy\" decoding=\"async\" width=\"175\" height=\"243\" src=\"https:\/\/efrenchlesson.com\/wp-content\/uploads\/2024\/07\/690a856b9c68b6a4776f83a412ee0fad.png\" class=\"attachment-full size-full wp-image-561\" alt=\"\" \/>\t\t\t\t\t\t\t\t\t\t\t\t\t<\/div>\n\t\t\t\t<\/div>\n\t\t\t\t\t<\/div>\n\t\t<\/div>\n\t\t\t\t<div class=\"elementor-column elementor-col-50 elementor-top-column elementor-element elementor-element-6785045\" data-id=\"6785045\" data-element_type=\"column\">\n\t\t\t<div class=\"elementor-widget-wrap elementor-element-populated\">\n\t\t\t\t\t\t<div class=\"elementor-element elementor-element-7aa3ccb elementor-widget elementor-widget-text-editor\" data-id=\"7aa3ccb\" data-element_type=\"widget\" data-widget_type=\"text-editor.default\">\n\t\t\t\t<div class=\"elementor-widget-container\">\n\t\t\t\t\t\t\t<p><strong>Mode et stylisme<\/strong><\/p><ul><li>Paris est la capitale de la mode<\/li><li>D\u00e9couvrez la terminologie de la mode \u00e0 travers la vie et l&#8217;\u0153uvre des grands couturiers Coco Chanel, Christian Dior, Paul Poiret, Pierre Cardin, Yves-Saint-Laurent.<\/li><li>Visitez les grands magasins fran\u00e7ais &#8211; Le Printemps, les Galeries Lafayette et le Bon March\u00e9.<\/li><li>Rencontrez des professionnels de la mode \u00e0 travers divers films, vid\u00e9os et articles de presse en fran\u00e7ais<\/li><li>Ouvrez-vous \u00e0 la richesse du patrimoine artisanal li\u00e9 \u00e0 la mode en France<\/li><\/ul>\t\t\t\t\t\t<\/div>\n\t\t\t\t<\/div>\n\t\t\t\t\t<\/div>\n\t\t<\/div>\n\t\t\t\t\t<\/div>\n\t\t<\/section>\n\t\t\t\t<section class=\"elementor-section elementor-top-section elementor-element elementor-element-11e4b95 elementor-section-boxed elementor-section-height-default elementor-section-height-default\" data-id=\"11e4b95\" data-element_type=\"section\">\n\t\t\t\t\t\t<div class=\"elementor-container elementor-column-gap-default\">\n\t\t\t\t\t<div class=\"elementor-column elementor-col-50 elementor-top-column elementor-element elementor-element-05cc1be\" data-id=\"05cc1be\" data-element_type=\"column\">\n\t\t\t<div class=\"elementor-widget-wrap elementor-element-populated\">\n\t\t\t\t\t\t<div class=\"elementor-element elementor-element-53cfae8 elementor-widget elementor-widget-image\" data-id=\"53cfae8\" data-element_type=\"widget\" data-widget_type=\"image.default\">\n\t\t\t\t<div class=\"elementor-widget-container\">\n\t\t\t\t\t\t\t\t\t\t\t\t\t<img loading=\"lazy\" decoding=\"async\" width=\"325\" height=\"216\" src=\"https:\/\/efrenchlesson.com\/wp-content\/uploads\/2024\/07\/3936d013a18f3bb35436c7aa7f8aa18d.png\" class=\"attachment-full size-full wp-image-565\" alt=\"\" srcset=\"https:\/\/efrenchlesson.com\/wp-content\/uploads\/2024\/07\/3936d013a18f3bb35436c7aa7f8aa18d.png 325w, https:\/\/efrenchlesson.com\/wp-content\/uploads\/2024\/07\/3936d013a18f3bb35436c7aa7f8aa18d-300x199.png 300w\" sizes=\"(max-width: 325px) 100vw, 325px\" \/>\t\t\t\t\t\t\t\t\t\t\t\t\t<\/div>\n\t\t\t\t<\/div>\n\t\t\t\t\t<\/div>\n\t\t<\/div>\n\t\t\t\t<div class=\"elementor-column elementor-col-50 elementor-top-column elementor-element elementor-element-5a62221\" data-id=\"5a62221\" data-element_type=\"column\">\n\t\t\t<div class=\"elementor-widget-wrap elementor-element-populated\">\n\t\t\t\t\t\t<div class=\"elementor-element elementor-element-cad2238 elementor-widget elementor-widget-text-editor\" data-id=\"cad2238\" data-element_type=\"widget\" data-widget_type=\"text-editor.default\">\n\t\t\t\t<div class=\"elementor-widget-container\">\n\t\t\t\t\t\t\t<div id=\"history\"><div id=\"art\"><div id=\"fashion\"><div id=\"gastronomy\"><p><strong>Gastronomie fran\u00e7aise<\/strong><\/p><ul><li>Le cours met en \u00e9vidence la place de la gastronomie dans la culture et la soci\u00e9t\u00e9 fran\u00e7aises.<\/li><li>Vous d\u00e9couvrirez l&#8217;histoire de la cuisine fran\u00e7aise. \u00a0<\/li><li>Savourez des recettes fran\u00e7aises traditionnelles et apprenez la terminologie culinaire. Les meilleurs accords mets et vins.<\/li><li>Lancez-vous \u00e0 la decouverte des habitudes culinaires des Fran\u00e7ais du Moyen \u00c2ge \u00e0 nos jours.<\/li><li>D\u00e9couvrez la gastronomie des diff\u00e9rentes r\u00e9gions de France.<\/li><li>Visitez virtuellement le Paris des restaurants gastronomiques.<\/li><\/ul><\/div><\/div><\/div><\/div>\t\t\t\t\t\t<\/div>\n\t\t\t\t<\/div>\n\t\t\t\t\t<\/div>\n\t\t<\/div>\n\t\t\t\t\t<\/div>\n\t\t<\/section>\n\t\t\t\t<section class=\"elementor-section elementor-top-section elementor-element elementor-element-5191bbe elementor-section-boxed elementor-section-height-default elementor-section-height-default\" data-id=\"5191bbe\" data-element_type=\"section\">\n\t\t\t\t\t\t<div class=\"elementor-container elementor-column-gap-default\">\n\t\t\t\t\t<div class=\"elementor-column elementor-col-50 elementor-top-column elementor-element elementor-element-44cf13c\" data-id=\"44cf13c\" data-element_type=\"column\">\n\t\t\t<div class=\"elementor-widget-wrap elementor-element-populated\">\n\t\t\t\t\t\t<div class=\"elementor-element elementor-element-87488f2 elementor-widget elementor-widget-image\" data-id=\"87488f2\" data-element_type=\"widget\" data-widget_type=\"image.default\">\n\t\t\t\t<div class=\"elementor-widget-container\">\n\t\t\t\t\t\t\t\t\t\t\t\t\t<img loading=\"lazy\" decoding=\"async\" width=\"333\" height=\"222\" src=\"https:\/\/efrenchlesson.com\/wp-content\/uploads\/2024\/07\/ed908e50c662226ef48c4c27e7ddd897.png\" class=\"attachment-full size-full wp-image-566\" alt=\"\" srcset=\"https:\/\/efrenchlesson.com\/wp-content\/uploads\/2024\/07\/ed908e50c662226ef48c4c27e7ddd897.png 333w, https:\/\/efrenchlesson.com\/wp-content\/uploads\/2024\/07\/ed908e50c662226ef48c4c27e7ddd897-300x200.png 300w\" sizes=\"(max-width: 333px) 100vw, 333px\" \/>\t\t\t\t\t\t\t\t\t\t\t\t\t<\/div>\n\t\t\t\t<\/div>\n\t\t\t\t\t<\/div>\n\t\t<\/div>\n\t\t\t\t<div class=\"elementor-column elementor-col-50 elementor-top-column elementor-element elementor-element-d639ac2\" data-id=\"d639ac2\" data-element_type=\"column\">\n\t\t\t<div class=\"elementor-widget-wrap elementor-element-populated\">\n\t\t\t\t\t\t<div class=\"elementor-element elementor-element-551b620 elementor-widget elementor-widget-text-editor\" data-id=\"551b620\" data-element_type=\"widget\" data-widget_type=\"text-editor.default\">\n\t\t\t\t<div class=\"elementor-widget-container\">\n\t\t\t\t\t\t\t<p><strong>Pr\u00e9paration au bac de fran\u00e7ais et au baccalaur\u00e9at international<\/strong><\/p><ul><li>Nous avons pr\u00e9par\u00e9 avec succ\u00e8s de nombreux \u00e9l\u00e8ves \u00e0 l&#8217;examen du bac de fran\u00e7ais et du brevet de coll\u00e8ge en France, Belgique et Suisse.<\/li><li>Connaissance approfondie du \u201ccommentaire compos\u00e9, la dissertation et l\u2019\u00e9criture d\u2019invention\u201d.<\/li><li>Nous avons form\u00e9 de nombreux \u00e9l\u00e8ves de familles expatri\u00e9es en France au baccalaur\u00e9at international.en France, Belgique et Suisse<\/li><\/ul>\t\t\t\t\t\t<\/div>\n\t\t\t\t<\/div>\n\t\t\t\t\t<\/div>\n\t\t<\/div>\n\t\t\t\t\t<\/div>\n\t\t<\/section>\n\t\t\t\t<section class=\"elementor-section elementor-top-section elementor-element elementor-element-fc68659 elementor-section-boxed elementor-section-height-default elementor-section-height-default\" data-id=\"fc68659\" data-element_type=\"section\">\n\t\t\t\t\t\t<div class=\"elementor-container elementor-column-gap-default\">\n\t\t\t\t\t<div class=\"elementor-column elementor-col-100 elementor-top-column elementor-element elementor-element-f7e9152\" data-id=\"f7e9152\" data-element_type=\"column\">\n\t\t\t<div class=\"elementor-widget-wrap elementor-element-populated\">\n\t\t\t\t\t\t<div class=\"elementor-element elementor-element-c7da360 elementor-widget elementor-widget-image\" data-id=\"c7da360\" data-element_type=\"widget\" data-widget_type=\"image.default\">\n\t\t\t\t<div class=\"elementor-widget-container\">\n\t\t\t\t\t\t\t\t\t\t\t\t\t<img loading=\"lazy\" decoding=\"async\" width=\"700\" height=\"476\" src=\"https:\/\/efrenchlesson.com\/wp-content\/uploads\/2024\/07\/2ffcead41af684b7d02ca4bd2712fc6f.jpg\" class=\"attachment-full size-full wp-image-567\" alt=\"\" srcset=\"https:\/\/efrenchlesson.com\/wp-content\/uploads\/2024\/07\/2ffcead41af684b7d02ca4bd2712fc6f.jpg 700w, https:\/\/efrenchlesson.com\/wp-content\/uploads\/2024\/07\/2ffcead41af684b7d02ca4bd2712fc6f-300x204.jpg 300w\" sizes=\"(max-width: 700px) 100vw, 700px\" \/>\t\t\t\t\t\t\t\t\t\t\t\t\t<\/div>\n\t\t\t\t<\/div>\n\t\t\t\t\t<\/div>\n\t\t<\/div>\n\t\t\t\t\t<\/div>\n\t\t<\/section>\n\t\t\t\t<section class=\"elementor-section elementor-top-section elementor-element elementor-element-8dc2e10 elementor-section-boxed elementor-section-height-default elementor-section-height-default\" data-id=\"8dc2e10\" data-element_type=\"section\">\n\t\t\t\t\t\t<div class=\"elementor-container elementor-column-gap-default\">\n\t\t\t\t\t<div class=\"elementor-column elementor-col-50 elementor-top-column elementor-element elementor-element-aa5b1ca\" data-id=\"aa5b1ca\" data-element_type=\"column\">\n\t\t\t<div class=\"elementor-widget-wrap elementor-element-populated\">\n\t\t\t\t\t\t<div class=\"elementor-element elementor-element-28a5821 elementor-widget elementor-widget-image\" data-id=\"28a5821\" data-element_type=\"widget\" data-widget_type=\"image.default\">\n\t\t\t\t<div class=\"elementor-widget-container\">\n\t\t\t\t\t\t\t\t\t\t\t\t\t<img loading=\"lazy\" decoding=\"async\" width=\"260\" height=\"195\" src=\"https:\/\/efrenchlesson.com\/wp-content\/uploads\/2024\/07\/b0b5d3d7ab07d0602acef443d7475b6d.png\" class=\"attachment-full size-full wp-image-571\" alt=\"\" \/>\t\t\t\t\t\t\t\t\t\t\t\t\t<\/div>\n\t\t\t\t<\/div>\n\t\t\t\t\t<\/div>\n\t\t<\/div>\n\t\t\t\t<div class=\"elementor-column elementor-col-50 elementor-top-column elementor-element elementor-element-0f91f31\" data-id=\"0f91f31\" data-element_type=\"column\">\n\t\t\t<div class=\"elementor-widget-wrap elementor-element-populated\">\n\t\t\t\t\t\t<div class=\"elementor-element elementor-element-b254bb2 elementor-widget elementor-widget-text-editor\" data-id=\"b254bb2\" data-element_type=\"widget\" data-widget_type=\"text-editor.default\">\n\t\t\t\t<div class=\"elementor-widget-container\">\n\t\t\t\t\t\t\t<div id=\"history\"><div id=\"art\"><div id=\"fashion\"><div id=\"gastronomy\"><div id=\"baccalaureate\"><p id=\"business\"><strong>Fran\u00e7ais des affaires<\/strong><\/p><ul><li>Nous offrons aux entreprises clientes des cours de fran\u00e7ais, qui sont enti\u00e8rement li\u00e9s \u00e0 leur domaine d&#8217;activit\u00e9. L&#8217;objectif principal du cours est d&#8217;apprendre \u00e0 interagir avec des clients ou des coll\u00e8gues francophones de la meilleure fa\u00e7on possible. La mise en contexte et les multiples jeux de r\u00f4le\u00a0permettent aux apprenants de d\u00e9velopper des comp\u00e9tences en communication en entreprise.<\/li><li>Nous avons une grande exp\u00e9rience dans l&#8217;enseignement du fran\u00e7ais aux professionnels dans les entreprises internationales qui travaillent \u00e0 Paris.<span class=\"Apple-converted-space\">\u00a0<\/span><\/li><li>Nous avons une grande exp\u00e9rience dans l&#8217;enseignement du fran\u00e7ais aux professionnels qui travaillent \u00e0 Paris.<\/li><li>Vous pouvez apprendre \u00e0 r\u00e9diger des lettres d&#8217;affaires et divers documents en fran\u00e7ais car nous fournissons le mat\u00e9riel requis. Nos cours sont des cours pratiques de\u00a0<strong>fran\u00e7ais des affaires adapt\u00e9s \u00e0 vos objectifs professionnels sp\u00e9cifiques<\/strong><strong>.<\/strong>\u00a0<\/li><li>Vous serez capables de d\u00e9velopper des comp\u00e9tences en fran\u00e7ais au t\u00e9l\u00e9phone et au courrier \u00e9lectronique avec une orientation commerciale.<\/li><li>Les entretiens d&#8217;embauche ou les pr\u00e9sentations de nouveaux emplois sont propos\u00e9s de la mani\u00e8re la plus appropri\u00e9e.<\/li><li>Nous compl\u00e9tons notre formation par des documents audio et vid\u00e9o sur les conversations d&#8217;affaires et les techniques de n\u00e9gociation.<\/li><li>Nous adaptons notre enseignement \u00e0 vos besoins sp\u00e9cifiques, partant de la communication de base pour arriver \u00e0 la ma\u00eetrise des structures les plus complexes de m\u00eame qu\u2019aux expressions idiomatiques lors des n\u00e9gociations avec des partenaires commerciaux internationaux.\u00a0<\/li><\/ul><\/div><\/div><\/div><\/div><\/div>\t\t\t\t\t\t<\/div>\n\t\t\t\t<\/div>\n\t\t\t\t\t<\/div>\n\t\t<\/div>\n\t\t\t\t\t<\/div>\n\t\t<\/section>\n\t\t\t\t<section class=\"elementor-section elementor-top-section elementor-element elementor-element-0b286f8 elementor-section-boxed elementor-section-height-default elementor-section-height-default\" data-id=\"0b286f8\" data-element_type=\"section\">\n\t\t\t\t\t\t<div class=\"elementor-container elementor-column-gap-default\">\n\t\t\t\t\t<div class=\"elementor-column elementor-col-100 elementor-top-column elementor-element elementor-element-7dab2aa\" data-id=\"7dab2aa\" data-element_type=\"column\">\n\t\t\t<div class=\"elementor-widget-wrap elementor-element-populated\">\n\t\t\t\t\t\t<div class=\"elementor-element elementor-element-e7b4d68 elementor-widget elementor-widget-heading\" data-id=\"e7b4d68\" data-element_type=\"widget\" data-widget_type=\"heading.default\">\n\t\t\t\t<div class=\"elementor-widget-container\">\n\t\t\t<h2 class=\"elementor-heading-title elementor-size-default\">Nos clients et institutions \u00e9ducatives<\/h2>\t\t<\/div>\n\t\t\t\t<\/div>\n\t\t\t\t<div class=\"elementor-element elementor-element-1935093 elementor-widget elementor-widget-image\" data-id=\"1935093\" data-element_type=\"widget\" data-widget_type=\"image.default\">\n\t\t\t\t<div class=\"elementor-widget-container\">\n\t\t\t\t\t\t\t\t\t\t\t\t\t<img loading=\"lazy\" decoding=\"async\" width=\"1128\" height=\"671\" src=\"https:\/\/efrenchlesson.com\/wp-content\/uploads\/2024\/07\/logos.png\" class=\"attachment-full size-full wp-image-578\" alt=\"\" srcset=\"https:\/\/efrenchlesson.com\/wp-content\/uploads\/2024\/07\/logos.png 1128w, https:\/\/efrenchlesson.com\/wp-content\/uploads\/2024\/07\/logos-300x178.png 300w, https:\/\/efrenchlesson.com\/wp-content\/uploads\/2024\/07\/logos-1024x609.png 1024w, https:\/\/efrenchlesson.com\/wp-content\/uploads\/2024\/07\/logos-768x457.png 768w\" sizes=\"(max-width: 1128px) 100vw, 1128px\" \/>\t\t\t\t\t\t\t\t\t\t\t\t\t<\/div>\n\t\t\t\t<\/div>\n\t\t\t\t\t<\/div>\n\t\t<\/div>\n\t\t\t\t\t<\/div>\n\t\t<\/section>\n\t\t\t\t<section class=\"elementor-section elementor-top-section elementor-element elementor-element-0f57562 elementor-section-boxed elementor-section-height-default elementor-section-height-default\" data-id=\"0f57562\" data-element_type=\"section\">\n\t\t\t\t\t\t<div class=\"elementor-container elementor-column-gap-default\">\n\t\t\t\t\t<div class=\"elementor-column elementor-col-100 elementor-top-column elementor-element elementor-element-b209196\" data-id=\"b209196\" data-element_type=\"column\">\n\t\t\t<div class=\"elementor-widget-wrap elementor-element-populated\">\n\t\t\t\t\t\t<section class=\"elementor-section elementor-inner-section elementor-element elementor-element-2a2ac4f elementor-section-boxed elementor-section-height-default elementor-section-height-default\" data-id=\"2a2ac4f\" data-element_type=\"section\">\n\t\t\t\t\t\t<div class=\"elementor-container elementor-column-gap-default\">\n\t\t\t\t\t<div class=\"elementor-column elementor-col-50 elementor-inner-column elementor-element elementor-element-ebbd838\" data-id=\"ebbd838\" data-element_type=\"column\">\n\t\t\t<div class=\"elementor-widget-wrap\">\n\t\t\t\t\t\t\t<\/div>\n\t\t<\/div>\n\t\t\t\t<div class=\"elementor-column elementor-col-50 elementor-inner-column elementor-element elementor-element-87362a4\" data-id=\"87362a4\" data-element_type=\"column\">\n\t\t\t<div class=\"elementor-widget-wrap\">\n\t\t\t\t\t\t\t<\/div>\n\t\t<\/div>\n\t\t\t\t\t<\/div>\n\t\t<\/section>\n\t\t\t\t\t<\/div>\n\t\t<\/div>\n\t\t\t\t\t<\/div>\n\t\t<\/section>\n\t\t\t\t<\/div>\n\t\t","protected":false},"excerpt":{"rendered":"<p>Cours pour adultes Clients professionnels Cours en ligne de fran\u00e7ais g\u00e9n\u00e9ral et de fran\u00e7ais de sp\u00e9cialit\u00e9 Cours de fran\u00e7ais g\u00e9n\u00e9ral Nos cours de fran\u00e7ais g\u00e9n\u00e9ral correspondent au Cadre Europ\u00e9en Commun de R\u00e9f\u00e9rence pour les langues aux niveaux A1.1 A1.2 A2.1 A2.2 B1.1 B1.2 B2.1 B2.2 C1.1 C1.2 C2.1 C2. 2. Les cours sont destin\u00e9s aux [&hellip;]<\/p>\n","protected":false},"author":1,"featured_media":0,"parent":0,"menu_order":0,"comment_status":"closed","ping_status":"closed","template":"","meta":{"footnotes":""},"class_list":["post-1105","page","type-page","status-publish","hentry"],"yoast_head":"<!-- This site is optimized with the Yoast SEO plugin v23.2 - https:\/\/yoast.com\/wordpress\/plugins\/seo\/ -->\n<title>Cours pour adultes Clients professionnels - The Interart French Academy<\/title>\n<meta name=\"robots\" content=\"index, follow, max-snippet:-1, max-image-preview:large, max-video-preview:-1\" \/>\n<link rel=\"canonical\" href=\"https:\/\/efrenchlesson.com\/fr\/cours-pour-adultes-clients-professionnels\/\" \/>\n<meta property=\"og:locale\" content=\"fr_FR\" \/>\n<meta property=\"og:type\" content=\"article\" \/>\n<meta property=\"og:title\" content=\"Cours pour adultes Clients professionnels - The Interart French Academy\" \/>\n<meta property=\"og:description\" content=\"Cours pour adultes Clients professionnels Cours en ligne de fran\u00e7ais g\u00e9n\u00e9ral et de fran\u00e7ais de sp\u00e9cialit\u00e9 Cours de fran\u00e7ais g\u00e9n\u00e9ral Nos cours de fran\u00e7ais g\u00e9n\u00e9ral correspondent au Cadre Europ\u00e9en Commun de R\u00e9f\u00e9rence pour les langues aux niveaux A1.1 A1.2 A2.1 A2.2 B1.1 B1.2 B2.1 B2.2 C1.1 C1.2 C2.1 C2. 2. Les cours sont destin\u00e9s aux [&hellip;]\" \/>\n<meta property=\"og:url\" content=\"https:\/\/efrenchlesson.com\/fr\/cours-pour-adultes-clients-professionnels\/\" \/>\n<meta property=\"og:site_name\" content=\"The Interart French Academy\" \/>\n<meta property=\"article:modified_time\" content=\"2024-11-27T13:16:38+00:00\" \/>\n<meta property=\"og:image\" content=\"https:\/\/efrenchlesson.com\/wp-content\/uploads\/2024\/07\/ad96a01d2d17ef8010eafa4ee755e74e.jpg\" \/>\n<meta name=\"twitter:card\" content=\"summary_large_image\" \/>\n<meta name=\"twitter:label1\" content=\"Dur\u00e9e de lecture estim\u00e9e\" \/>\n\t<meta name=\"twitter:data1\" content=\"14 minutes\" \/>\n<script type=\"application\/ld+json\" class=\"yoast-schema-graph\">{\"@context\":\"https:\/\/schema.org\",\"@graph\":[{\"@type\":\"WebPage\",\"@id\":\"https:\/\/efrenchlesson.com\/fr\/cours-pour-adultes-clients-professionnels\/\",\"url\":\"https:\/\/efrenchlesson.com\/fr\/cours-pour-adultes-clients-professionnels\/\",\"name\":\"Cours pour adultes Clients professionnels - The Interart French Academy\",\"isPartOf\":{\"@id\":\"https:\/\/efrenchlesson.com\/fr\/#website\"},\"primaryImageOfPage\":{\"@id\":\"https:\/\/efrenchlesson.com\/fr\/cours-pour-adultes-clients-professionnels\/#primaryimage\"},\"image\":{\"@id\":\"https:\/\/efrenchlesson.com\/fr\/cours-pour-adultes-clients-professionnels\/#primaryimage\"},\"thumbnailUrl\":\"https:\/\/efrenchlesson.com\/wp-content\/uploads\/2024\/07\/ad96a01d2d17ef8010eafa4ee755e74e.jpg\",\"datePublished\":\"2024-07-22T09:31:44+00:00\",\"dateModified\":\"2024-11-27T13:16:38+00:00\",\"breadcrumb\":{\"@id\":\"https:\/\/efrenchlesson.com\/fr\/cours-pour-adultes-clients-professionnels\/#breadcrumb\"},\"inLanguage\":\"fr-FR\",\"potentialAction\":[{\"@type\":\"ReadAction\",\"target\":[\"https:\/\/efrenchlesson.com\/fr\/cours-pour-adultes-clients-professionnels\/\"]}]},{\"@type\":\"ImageObject\",\"inLanguage\":\"fr-FR\",\"@id\":\"https:\/\/efrenchlesson.com\/fr\/cours-pour-adultes-clients-professionnels\/#primaryimage\",\"url\":\"https:\/\/efrenchlesson.com\/wp-content\/uploads\/2024\/07\/ad96a01d2d17ef8010eafa4ee755e74e.jpg\",\"contentUrl\":\"https:\/\/efrenchlesson.com\/wp-content\/uploads\/2024\/07\/ad96a01d2d17ef8010eafa4ee755e74e.jpg\"},{\"@type\":\"BreadcrumbList\",\"@id\":\"https:\/\/efrenchlesson.com\/fr\/cours-pour-adultes-clients-professionnels\/#breadcrumb\",\"itemListElement\":[{\"@type\":\"ListItem\",\"position\":1,\"name\":\"Accueil\",\"item\":\"https:\/\/efrenchlesson.com\/fr\/\"},{\"@type\":\"ListItem\",\"position\":2,\"name\":\"Cours pour adultes Clients professionnels\"}]},{\"@type\":\"WebSite\",\"@id\":\"https:\/\/efrenchlesson.com\/fr\/#website\",\"url\":\"https:\/\/efrenchlesson.com\/fr\/\",\"name\":\"The Interart French Academy\",\"description\":\"\",\"potentialAction\":[{\"@type\":\"SearchAction\",\"target\":{\"@type\":\"EntryPoint\",\"urlTemplate\":\"https:\/\/efrenchlesson.com\/fr\/?s={search_term_string}\"},\"query-input\":\"required name=search_term_string\"}],\"inLanguage\":\"fr-FR\"}]}<\/script>\n<!-- \/ Yoast SEO plugin. -->","yoast_head_json":{"title":"Cours pour adultes Clients professionnels - The Interart French Academy","robots":{"index":"index","follow":"follow","max-snippet":"max-snippet:-1","max-image-preview":"max-image-preview:large","max-video-preview":"max-video-preview:-1"},"canonical":"https:\/\/efrenchlesson.com\/fr\/cours-pour-adultes-clients-professionnels\/","og_locale":"fr_FR","og_type":"article","og_title":"Cours pour adultes Clients professionnels - The Interart French Academy","og_description":"Cours pour adultes Clients professionnels Cours en ligne de fran\u00e7ais g\u00e9n\u00e9ral et de fran\u00e7ais de sp\u00e9cialit\u00e9 Cours de fran\u00e7ais g\u00e9n\u00e9ral Nos cours de fran\u00e7ais g\u00e9n\u00e9ral correspondent au Cadre Europ\u00e9en Commun de R\u00e9f\u00e9rence pour les langues aux niveaux A1.1 A1.2 A2.1 A2.2 B1.1 B1.2 B2.1 B2.2 C1.1 C1.2 C2.1 C2. 2. Les cours sont destin\u00e9s aux [&hellip;]","og_url":"https:\/\/efrenchlesson.com\/fr\/cours-pour-adultes-clients-professionnels\/","og_site_name":"The Interart French Academy","article_modified_time":"2024-11-27T13:16:38+00:00","og_image":[{"url":"https:\/\/efrenchlesson.com\/wp-content\/uploads\/2024\/07\/ad96a01d2d17ef8010eafa4ee755e74e.jpg"}],"twitter_card":"summary_large_image","twitter_misc":{"Dur\u00e9e de lecture estim\u00e9e":"14 minutes"},"schema":{"@context":"https:\/\/schema.org","@graph":[{"@type":"WebPage","@id":"https:\/\/efrenchlesson.com\/fr\/cours-pour-adultes-clients-professionnels\/","url":"https:\/\/efrenchlesson.com\/fr\/cours-pour-adultes-clients-professionnels\/","name":"Cours pour adultes Clients professionnels - The Interart French Academy","isPartOf":{"@id":"https:\/\/efrenchlesson.com\/fr\/#website"},"primaryImageOfPage":{"@id":"https:\/\/efrenchlesson.com\/fr\/cours-pour-adultes-clients-professionnels\/#primaryimage"},"image":{"@id":"https:\/\/efrenchlesson.com\/fr\/cours-pour-adultes-clients-professionnels\/#primaryimage"},"thumbnailUrl":"https:\/\/efrenchlesson.com\/wp-content\/uploads\/2024\/07\/ad96a01d2d17ef8010eafa4ee755e74e.jpg","datePublished":"2024-07-22T09:31:44+00:00","dateModified":"2024-11-27T13:16:38+00:00","breadcrumb":{"@id":"https:\/\/efrenchlesson.com\/fr\/cours-pour-adultes-clients-professionnels\/#breadcrumb"},"inLanguage":"fr-FR","potentialAction":[{"@type":"ReadAction","target":["https:\/\/efrenchlesson.com\/fr\/cours-pour-adultes-clients-professionnels\/"]}]},{"@type":"ImageObject","inLanguage":"fr-FR","@id":"https:\/\/efrenchlesson.com\/fr\/cours-pour-adultes-clients-professionnels\/#primaryimage","url":"https:\/\/efrenchlesson.com\/wp-content\/uploads\/2024\/07\/ad96a01d2d17ef8010eafa4ee755e74e.jpg","contentUrl":"https:\/\/efrenchlesson.com\/wp-content\/uploads\/2024\/07\/ad96a01d2d17ef8010eafa4ee755e74e.jpg"},{"@type":"BreadcrumbList","@id":"https:\/\/efrenchlesson.com\/fr\/cours-pour-adultes-clients-professionnels\/#breadcrumb","itemListElement":[{"@type":"ListItem","position":1,"name":"Accueil","item":"https:\/\/efrenchlesson.com\/fr\/"},{"@type":"ListItem","position":2,"name":"Cours pour adultes Clients professionnels"}]},{"@type":"WebSite","@id":"https:\/\/efrenchlesson.com\/fr\/#website","url":"https:\/\/efrenchlesson.com\/fr\/","name":"The Interart French Academy","description":"","potentialAction":[{"@type":"SearchAction","target":{"@type":"EntryPoint","urlTemplate":"https:\/\/efrenchlesson.com\/fr\/?s={search_term_string}"},"query-input":"required name=search_term_string"}],"inLanguage":"fr-FR"}]}},"_links":{"self":[{"href":"https:\/\/efrenchlesson.com\/fr\/wp-json\/wp\/v2\/pages\/1105"}],"collection":[{"href":"https:\/\/efrenchlesson.com\/fr\/wp-json\/wp\/v2\/pages"}],"about":[{"href":"https:\/\/efrenchlesson.com\/fr\/wp-json\/wp\/v2\/types\/page"}],"author":[{"embeddable":true,"href":"https:\/\/efrenchlesson.com\/fr\/wp-json\/wp\/v2\/users\/1"}],"replies":[{"embeddable":true,"href":"https:\/\/efrenchlesson.com\/fr\/wp-json\/wp\/v2\/comments?post=1105"}],"version-history":[{"count":36,"href":"https:\/\/efrenchlesson.com\/fr\/wp-json\/wp\/v2\/pages\/1105\/revisions"}],"predecessor-version":[{"id":1866,"href":"https:\/\/efrenchlesson.com\/fr\/wp-json\/wp\/v2\/pages\/1105\/revisions\/1866"}],"wp:attachment":[{"href":"https:\/\/efrenchlesson.com\/fr\/wp-json\/wp\/v2\/media?parent=1105"}],"curies":[{"name":"wp","href":"https:\/\/api.w.org\/{rel}","templated":true}]}}